{"id":28477,"date":"2025-04-09T14:00:55","date_gmt":"2025-04-09T12:00:55","guid":{"rendered":"https:\/\/mtag.sk\/?page_id=28477"},"modified":"2025-04-09T14:00:56","modified_gmt":"2025-04-09T12:00:56","slug":"info-pre-uchadzaca-o-zamestnanie","status":"publish","type":"page","link":"https:\/\/mtag.sk\/sk\/info-pre-uchadzaca-o-zamestnanie\/","title":{"rendered":"info pre uch\u00e1dza\u010da o zamestnanie"},"content":{"rendered":"\n<p><strong>Inform\u00e1cia pre uch\u00e1dza\u010da o\u00a0zamestnanie<\/strong><\/p>\n<p><strong>\u00a0<\/strong><\/p>\n<p><strong>V\u0161etk\u00fdch uch\u00e1dza\u010dov pros\u00edme, aby do svojich \u017eiadosti o\u00a0prijatie do zamestnania vlo\u017eili s\u00fahlas so sprac\u00favan\u00edm osobn\u00fdch \u00fadajov, napr. v\u00a0tomto znen\u00ed:<\/strong><\/p>\n<p>\u00a0<\/p>\n<p>Ja \u2013 &#8230;&#8230;&#8230;&#8230;&#8230;&#8230;&#8230;&#8230;&#8230;&#8230;&#8230;&#8230;&#8230;&#8230;&#8230;&#8230;&#8230;&#8230;&#8230;&#8230;&#8230;&#8230;&#8230;&#8230;&#8230;&#8230;&#8230;&#8230;&#8230;&#8230;&#8230;&#8230;&#8230;&#8230;&#8230;&#8230;&#8230;&#8230;&#8230;&#8230;&#8230;&#8230;&#8230;&#8230;&#8230;&#8230;&#8230;&#8230;&#8230;. (meno, priezvisko, d\u00e1tum narodenia, adresa)<\/p>\n<p>t\u00fdmto <u>ude\u013eujem<\/u> s\u00fahlas, aby prev\u00e1dzkovate\u013e:<\/p>\n<p>\u00a0<\/p>\n<table>\n<tbody>\n<tr>\n<td width=\"196\">\n<p><strong>Prev\u00e1dzkovate\u013e:<\/strong><\/p>\n<\/td>\n<td width=\"418\">\n<p>Z\u00e1kladn\u00e1 \u0161kola a Gymn\u00e1zium s vyu\u010dovac\u00edm jazykom ma\u010farsk\u00fdm<\/p>\n<p>Magyar Tannyelv\u0171 Alapiskola \u00e9s Gimn\u00e1zium<\/p>\n<p>Dunajsk\u00e1 13, 814 84 Bratislava<\/p>\n<p>I\u010cO: 17337089<\/p>\n<p>DI\u010c: 2020863009<\/p>\n<\/td>\n<\/tr>\n<\/tbody>\n<\/table>\n<p><strong>\u00a0<\/strong><\/p>\n<p>sprac\u00faval moje osobn\u00e9 \u00fadaje, v\u00a0zmysle z\u00e1k. \u010d. 18\/2018 Z.z. o\u00a0ochrane osobn\u00fdch \u00fadajov a o zmene a\u00a0doplnen\u00ed niektor\u00fdch z\u00e1konov, v rozsahu: osobn\u00e9 \u00fadaje uveden\u00e9 v mojom profesnom \u017eivotopise a dopl\u0148uj\u00facej dokument\u00e1cii, a to najm\u00e4: titul, meno, priezvisko, bydlisko, mailov\u00fd a telefonick\u00fd kontakt, \u00fadaje o dosiahnutom vzdelan\u00ed, priebeh doteraj\u0161ieho zamestnania, \u010fal\u0161ie \u00fadaje dobrovo\u013ene poskytnut\u00e9 (napr. fotografia). \u00da\u010delom sprac\u00favania osobn\u00fdch \u00fadajov subjektom je evidencia uch\u00e1dza\u010dov o\u00a0zamestnanie a vedenie datab\u00e1zy uch\u00e1dza\u010dov o\u00a0zamestnanie, na \u00fa\u010dely ich pr\u00edpadn\u00e9ho oslovenia zo strany vy\u0161\u0161ie uveden\u00e9ho subjektu, ak prejav\u00ed v bud\u00facnosti z\u00e1ujem o oslovenie uch\u00e1dza\u010da o\u00a0zamestnanie.<\/p>\n<p>\u00a0<\/p>\n<p>S\u00fahlas sa ude\u013euje na obdobie 24 mesiacov.<\/p>\n<p>\u00a0<\/p>\n<p>V\u00a0zmysle \u00a7 14 ods. 3 z\u00e1kona \u010d. 18\/2018 Z.z. dotknut\u00e1 osoba m\u00e1 pr\u00e1vo kedyko\u013evek odvola\u0165 s\u00fahlas so spracovan\u00edm osobn\u00fdch \u00fadajov, ktor\u00e9 sa jej t\u00fdkaj\u00fa. Odvolanie s\u00fahlasu nem\u00e1 vplyv na z\u00e1konnos\u0165 sprac\u00favania osobn\u00fdch \u00fadajov zalo\u017eenom na s\u00fahlase pred jeho odvolan\u00edm; pred poskytnut\u00edm s\u00fahlasu mus\u00ed by\u0165 dotknut\u00e1 osoba o tejto skuto\u010dnosti informovan\u00e1. Dotknut\u00e1 osoba m\u00f4\u017ee s\u00fahlas odvola\u0165 rovnak\u00fdm sp\u00f4sobom ak\u00fdm s\u00fahlas udelila. <strong>Dotknut\u00e1 osoba si je vedom\u00e1 svojich pr\u00e1v, ktor\u00e9 v \u00a7 19 a\u017e \u00a7 30 z\u00e1kona \u010d. 18\/2018 Z.z. upravuj\u00fa povinnosti prev\u00e1dzkovate\u013ea pri uplat\u0148ovan\u00ed pr\u00e1v dotknut\u00fdch os\u00f4b.<\/strong><\/p>\n<p>\u00a0<\/p>\n<p>V &#8230;&#8230;&#8230;&#8230;&#8230;&#8230;&#8230;&#8230;&#8230;&#8230;., d\u0148a &#8230;&#8230;&#8230;&#8230;&#8230;&#8230;&#8230;&#8230;&#8230;..<\/p>\n<p>\u00a0<\/p>\n<p style=\"text-align: right;\">&#8230;&#8230;&#8230;&#8230;&#8230;&#8230;&#8230;&#8230;&#8230;&#8230;&#8230;&#8230;&#8230;&#8230;&#8230;&#8230;&#8230;&#8230;&#8230;.<\/p>\n<p style=\"text-align: right;\">podpis<\/p>\n\n\n\n<div class=\"wp-block-file\"><a href=\"https:\/\/mtag.sk\/wp-content\/uploads\/2025\/04\/Informacia-pre-uchadzaca-o-zamestnanie.docx\">Informacia-pre-uchadzaca-o-zamestnanie<\/a><a href=\"https:\/\/mtag.sk\/wp-content\/uploads\/2025\/04\/Informacia-pre-uchadzaca-o-zamestnanie.docx\" class=\"wp-block-file__button\" download>Let\u00f6lt\u00e9s<\/a><\/div>\n","protected":false},"excerpt":{"rendered":"<p>Inform\u00e1cia pre uch\u00e1dza\u010da o\u00a0zamestnanie \u00a0 V\u0161etk\u00fdch uch\u00e1dza\u010dov pros\u00edme, aby do svojich \u017eiadosti o\u00a0prijatie do zamestnania vlo\u017eili s\u00fahlas so sprac\u00favan\u00edm osobn\u00fdch \u00fadajov, napr. v\u00a0tomto znen\u00ed: \u00a0 Ja \u2013 &#8230;&#8230;&#8230;&#8230;&#8230;&#8230;&#8230;&#8230;&#8230;&#8230;&#8230;&#8230;&#8230;&#8230;&#8230;&#8230;&#8230;&#8230;&#8230;&#8230;&#8230;&#8230;&#8230;&#8230;&#8230;&#8230;&#8230;&#8230;&#8230;&#8230;&#8230;&#8230;&#8230;&#8230;&#8230;&#8230;&#8230;&#8230;&#8230;&#8230;&#8230;&#8230;&#8230;&#8230;&#8230;&#8230;&#8230;&#8230;&#8230;. (meno, priezvisko, d\u00e1tum narodenia, adresa) t\u00fdmto ude\u013eujem s\u00fahlas, aby prev\u00e1dzkovate\u013e: \u00a0 Prev\u00e1dzkovate\u013e: Z\u00e1kladn\u00e1 \u0161kola a Gymn\u00e1zium s vyu\u010dovac\u00edm jazykom ma\u010farsk\u00fdm Magyar Tannyelv\u0171 Alapiskola \u00e9s Gimn\u00e1zium Dunajsk\u00e1 13, &hellip;<\/p>\n","protected":false},"author":18,"featured_media":0,"parent":0,"menu_order":0,"comment_status":"closed","ping_status":"closed","template":"","meta":[],"_links":{"self":[{"href":"https:\/\/mtag.sk\/sk\/wp-json\/wp\/v2\/pages\/28477"}],"collection":[{"href":"https:\/\/mtag.sk\/sk\/wp-json\/wp\/v2\/pages"}],"about":[{"href":"https:\/\/mtag.sk\/sk\/wp-json\/wp\/v2\/types\/page"}],"author":[{"embeddable":true,"href":"https:\/\/mtag.sk\/sk\/wp-json\/wp\/v2\/users\/18"}],"replies":[{"embeddable":true,"href":"https:\/\/mtag.sk\/sk\/wp-json\/wp\/v2\/comments?post=28477"}],"version-history":[{"count":0,"href":"https:\/\/mtag.sk\/sk\/wp-json\/wp\/v2\/pages\/28477\/revisions"}],"wp:attachment":[{"href":"https:\/\/mtag.sk\/sk\/wp-json\/wp\/v2\/media?parent=28477"}],"curies":[{"name":"wp","href":"https:\/\/api.w.org\/{rel}","templated":true}]}}